{"id":224,"date":"2018-09-26T08:32:04","date_gmt":"2018-09-26T08:32:04","guid":{"rendered":"http:\/\/palloimre.local\/?page_id=224"},"modified":"2019-04-03T09:00:53","modified_gmt":"2019-04-03T06:00:53","slug":"istoria-scolii","status":"publish","type":"page","link":"https:\/\/pallo.ro\/ro\/istoria-scolii\/","title":{"rendered":"Istoria \u0219colii"},"content":{"rendered":"<div class=\"title\">&nbsp;<\/div>\n<p align=\"justify\"><img loading=\"lazy\" decoding=\"async\" class=\"alignleft\" title=\"pallo_14\" src=\"https:\/\/web.archive.org\/web\/20170202131925im_\/http:\/\/www.palloimre.ro\/images\/pallo_14.jpg\" alt=\"pallo_14\" width=\"213\" height=\"284\"><\/p>\n<p style=\"margin-bottom: 18.0pt; background: whitesmoke;\"><span style=\"font-size: 11.5pt; font-family: 'Arial','sans-serif'; color: #717b84;\">Liceul de Arte Dr.Pall\u00f3 Imre din Odorheiu Secuiesc a luat fiin\u021b\u0103 \u00een septembrie 1970. Av\u00e2nd \u00een vedere faptul c\u0103 la \u00eenceput institu\u021bia nu a avut sediu propriu, activitatea s-a desf\u0103\u0219urat \u00een diferite loca\u021bii: \u00een primii patru ani educa\u021bia teoretic\u0103 s-a desf\u0103\u0219urat la \u0218coala General\u0103 Tompa L\u00e1szl\u00f3, educa\u021bia profesional\u0103 la Casa de Cultur\u0103. \u00cencep\u00e2nd cu 1974, institu\u021bia a primit cl\u0103direa fostei Stare\u021bii, iar din 1977 cl\u0103direa de pe str. Kossuth Lajos, nr.41, unde func\u021bioneaz\u0103 p\u00e2n\u0103 \u00een prezent.<\/span><\/p>\n<p style=\"margin-bottom: 18.0pt; background: whitesmoke;\"><span style=\"font-size: 11.5pt; font-family: 'Arial','sans-serif'; color: #717b84;\">Din 1992, dup\u0103 recunoa\u0219terea rezultatelor unei activit\u0103\u021bi de 22 ani, \u0219coala noastr\u0103 a fost ridicat\u0103 la rang de liceu \u0219i chiar din acel an a primit \u0219i cl\u0103direa Scolii Generale Tompa L\u00e1szl\u00f3 de pe strada Pet\u0151fi S\u00e1ndor. De atunci educa\u021bia s-a extins la clasele I-XII.<\/span><\/p>\n<p style=\"margin-bottom: 18.0pt; background: whitesmoke;\"><span style=\"font-size: 11.5pt; font-family: 'Arial','sans-serif'; color: #717b84;\">Preg\u0103tirea \u0219i competen\u021ba elevilor no\u0219tri este semnalat\u0103 de rezultatele ob\u021binute la competi\u021biile de rang, interne \u0219i externe.<\/span><\/p>\n<p align=\"justify\"><strong><img loading=\"lazy\" decoding=\"async\" class=\"alignright\" title=\"palloimre\" src=\"https:\/\/web.archive.org\/web\/20170202131925im_\/http:\/\/www.palloimre.ro\/uploaded\/palloimre.png\" alt=\"palloimre\" width=\"324\" height=\"273\"><\/strong><\/p>\n<p><strong>Sec\u021bii:<\/strong><\/p>\n<p>La<strong> sec\u021bia de muzic\u0103 <\/strong>avem urm\u0103toarele sec\u021biuni:<\/p>\n<p>Pian, vioar\u0103, viola, violoncel,&nbsp;contrabas, chitar\u0103, flaut, clarinet, oboa, corn, trompet\u0103, tub\u0103, canto.<\/p>\n<p>&nbsp;<\/p>\n<p>\u0218coala noastr\u0103 are 3<strong> coruri<\/strong>:<\/p>\n<ul>\n<li>Corul Pimpip\u00e1r\u00e9 (clasele I-IV)<\/li>\n<li>Corul Palissimo (clasele V-VIII)<\/li>\n<li>Corul de tineret (clasele IX-XII)<\/li>\n<li>Al\u0103turi de <strong>orchestr\u0103<\/strong>, avem \u0219i c\u00e2teva ansambluri camerale<\/li>\n<\/ul>\n<p>Soli\u0219tii.\u0219i corurile noastre au ob\u021binut rezultate remarcabile la concursurile, festivalurile organizate \u00een \u021bar\u0103 sau peste hotare.<\/p>\n<p>La<strong> sec\u021bia de arte vizuale, <\/strong>pred\u0103m trei materii de baz\u0103:<\/p>\n<p align=\"justify\"><img loading=\"lazy\" decoding=\"async\" class=\"alignright\" title=\"38\" src=\"https:\/\/web.archive.org\/web\/20170202131925im_\/http:\/\/www.palloimre.ro\/uploaded\/38.jpg\" alt=\"38\" width=\"200\" height=\"140\">&#8211; desen, pictur\u0103, sculptur\u0103.<\/p>\n<p align=\"justify\">Elevii pot studia \u0219i la <strong>sec\u021bia de arhitectur\u0103<\/strong>.<\/p>\n<p>Materiile la alegere sunt:<\/p>\n<p>&#8211; grafic\u0103 (de art\u0103, publicitar\u0103)<br \/>\n&#8211; sculptur\u0103<br \/>\n&#8211; pictur\u0103<br \/>\n&#8211; ceramic\u0103<br \/>\n&#8211; design textil<\/p>\n<p><strong>Spa\u021biul educa\u021bional al institu\u021biei:<\/strong><\/p>\n<p>Momentan activitatea \u0219colii se desf\u0103\u0219oar\u0103 \u00een trei cl\u0103diri.<\/p>\n<p><strong>Educa\u021bia muzical\u0103<\/strong> \u00een <strong>cl\u0103direa A<\/strong> de pe strada Kossuth Lajos, construit\u0103 la sf\u00e2r\u0219itul secolului al XIX-lea \u00een stil eclectic, cu destina\u021bia de Cas\u0103 de Economii \u0219i Consemna\u021biuni. Aici momentan sunt 24 s\u0103li pentru exersare \u0219i o sal\u0103 de concerte cu 130 locuri. Educa\u021bia profesional\u0103 are la dispozi\u021bie o bogat\u0103 colec\u021bie de partituri, albume, material audio \u0219i video.<\/p>\n<p>La subsolul<strong> cl\u0103dirii A <\/strong>se afl\u0103 o pivni\u021b\u0103 cu 100 locuri, cu func\u021bie de galerie multifunc\u021bional\u0103 pentru diverse audi\u021bii, expozi\u021bii, concerte a unor ansambluri mai mici.<\/p>\n<p>Aceast\u0103 cl\u0103dire a fost renovat\u0103 recent, cu scopul cre\u0219terii num\u0103rului de s\u0103li pentru exersare, a unui studio bine utilat, precum \u0219i \u00eenfiin\u021barea Camerei Omagiale Pall\u00f3 Imre.<\/p>\n<p align=\"justify\"><strong><img loading=\"lazy\" decoding=\"async\" class=\"alignleft\" title=\"pallo\" src=\"https:\/\/web.archive.org\/web\/20170202131925im_\/http:\/\/www.palloimre.ro\/uploaded\/pallo.jpg\" alt=\"pallo\" width=\"400\" height=\"300\"><\/strong><\/p>\n<p><strong>Cl\u0103direa B <\/strong>(strada Pet\u0151fi S\u00e1ndor, nr.24), construit\u0103 \u00een 1883 cu destina\u021bia de \u0218coal\u0103 Profesional\u0103 de Industria Argilei \u0219i Pietrei, momentan serve\u0219te educa\u021biei teoretice \u0219i plastice \u00een 17 s\u0103li de clas\u0103, 2 laboratoare (procesare grafic\u0103 computerizat\u0103, informatic\u0103), trei cabinete (geografie, consiliere psihologic\u0103, foto), o sal\u0103 de sport, precum \u0219i 7 ateliere de specialitate. Atelierele sunt dotate cu cuptoare electrice pentru ceramic\u0103, pres\u0103 de gravur\u0103, \u0219evalete pentru pictur\u0103 \u0219i alte echipamente. \u00cen aceast\u0103 cl\u0103dire func\u021bioneaz\u0103 \u0219i biblioteca \u0219colii, cu aproximativ 20.000 volume \u0219i o sal\u0103 de lectur\u0103.<\/p>\n<p>\u00cencep\u00e2nd cu 2005, s-a dat \u00een folosin\u021b\u0103&nbsp;<strong>cl\u0103direa C<\/strong>. S-a renovat \u00een totalitate \u0219i modernizat atelierul situat \u00een curtea cl\u0103dirii B, aflat \u00eentr-o stare degradat\u0103, astfel elevii claselor I-III s-au putut muta \u00eentr-o cl\u0103dire nou\u0103, cu \u0219ase s\u0103li de clas\u0103 \u0219i curte separat\u0103. \u00cen anii 2011\/2012 cl\u0103direa C s-a extins cu dou\u0103 noi s\u0103li de clas\u0103 , care servesc educa\u021biei claselor preg\u0103titoare.<\/p>\n<p><strong>Informa\u021bii privind admiterea:<\/strong><\/p>\n<p>Admiterea este pe baz\u0103 de <strong>test de aptitudini<\/strong>. Acest lucru \u00eencepe cu o explorare de talente at\u00e2t la ciclul primar c\u00e2t \u0219i cel gimnazial. C\u0103utarea de talente are loc la finele lunii ianuarie pentru clasele I-IV. \u0219i V-VII \u0219i la finele lui aprilie pentru ciclul liceal. Admiterea are loc conform calendarului stabilit de Ministerul Educa\u021biei Na\u021bionale. Dup\u0103 sus\u021binerea de probe practice \u0219i teoretice reu\u0219ite, \u00eencepe un ciclu de 4 ani de educa\u021bie paralel\u0103 de cuno\u0219tin\u021be generale \u0219i profesionale.<\/p>\n<p align=\"justify\"><img loading=\"lazy\" decoding=\"async\" class=\"alignright\" title=\"46\" src=\"https:\/\/web.archive.org\/web\/20170202131925im_\/http:\/\/www.palloimre.ro\/uploaded\/46.jpg\" alt=\"46\" width=\"200\" height=\"140\"><\/p>\n<p><strong>Certific\u0103ri:<\/strong> diploma de bacalaureat, certificate profesionale, care dau posibilitatea ocup\u0103rii unor locuri de munc\u0103 cu studii medii (forma\u021bii profesioniste, domenii culturale), precum \u0219i \u00eenscrierea la institu\u021bii de \u00eenv\u0103\u021b\u0103m\u00e2nt superior.<\/p>\n","protected":false},"excerpt":{"rendered":"<p>&nbsp; Liceul de Arte Dr.Pall\u00f3 Imre din Odorheiu Secuiesc a luat fiin\u021b\u0103 \u00een septembrie 1970&#8230;.<\/p>\n","protected":false},"author":1,"featured_media":685,"parent":0,"menu_order":1,"comment_status":"closed","ping_status":"closed","template":"","meta":{"_expiration-date-status":"saved","_expiration-date":0,"_expiration-date-type":"","_expiration-date-categories":[],"_expiration-date-options":[],"footnotes":""},"class_list":["post-224","page","type-page","status-publish","has-post-thumbnail","hentry"],"_links":{"self":[{"href":"https:\/\/pallo.ro\/ro\/wp-json\/wp\/v2\/pages\/224\/"}],"collection":[{"href":"https:\/\/pallo.ro\/ro\/wp-json\/wp\/v2\/pages\/"}],"about":[{"href":"https:\/\/pallo.ro\/ro\/wp-json\/wp\/v2\/types\/page\/"}],"author":[{"embeddable":true,"href":"https:\/\/pallo.ro\/ro\/wp-json\/wp\/v2\/users\/1\/"}],"replies":[{"embeddable":true,"href":"https:\/\/pallo.ro\/ro\/wp-json\/wp\/v2\/comments\/?post=224"}],"version-history":[{"count":5,"href":"https:\/\/pallo.ro\/ro\/wp-json\/wp\/v2\/pages\/224\/revisions\/"}],"predecessor-version":[{"id":1344,"href":"https:\/\/pallo.ro\/ro\/wp-json\/wp\/v2\/pages\/224\/revisions\/1344\/"}],"wp:featuredmedia":[{"embeddable":true,"href":"https:\/\/pallo.ro\/ro\/wp-json\/wp\/v2\/media\/685\/"}],"wp:attachment":[{"href":"https:\/\/pallo.ro\/ro\/wp-json\/wp\/v2\/media\/?parent=224"}],"curies":[{"name":"wp","href":"https:\/\/api.w.org\/{rel}","templated":true}]}}